{"id":14994,"date":"2023-06-13T10:46:56","date_gmt":"2023-06-13T08:46:56","guid":{"rendered":"https:\/\/www.blomsterfonden.se\/?page_id=14994"},"modified":"2024-01-31T11:42:49","modified_gmt":"2024-01-31T10:42:49","slug":"sa-ansoker-du-om-plats-pa-aldreboende","status":"publish","type":"page","link":"https:\/\/blomsterfonden.se\/staging\/vard-omsorg\/sa-ansoker-du-om-plats-pa-aldreboende\/","title":{"rendered":"S\u00e5 ans\u00f6ker du om plats p\u00e5 \u00e4ldreboende"},"content":{"rendered":"<div class=\"wpb-content-wrapper\"><p>[vc_row][vc_column][vc_column_text]<\/p>\n<h2>S\u00e5 h\u00e4r ans\u00f6ker du om plats p\u00e5 \u00e4ldreboende<\/h2>\n<p>F\u00f6r att f\u00e5 lov att flytta in p\u00e5 ett \u00e4ldreboende beh\u00f6ver du eller dina anh\u00f6riga ans\u00f6ka om bist\u00e5ndsbeslut hos din kommun\/stadsdel. Kommunen g\u00f6r sedan en bed\u00f6mning av bist\u00e5ndsbehovet med st\u00f6d av Socialtj\u00e4nstlagen. D\u00e4refter f\u00e5r du\/ni ett bist\u00e5ndsbeslut.<\/p>\n<p><strong>V\u00e4nd dig till din hemkommun, se l\u00e4nkar nedan:<\/strong><\/p>\n<p><a href=\"https:\/\/aldreomsorg.stockholm\/ansok-om-aldreomsorg\/\" target=\"_blank\" rel=\"noopener\"><strong>Stockholms stad<\/strong><\/a><\/p>\n<p><a href=\"https:\/\/www.nacka.se\/omsorg-stod\/senior\/sa-har-ansoker-du\/\" target=\"_blank\" rel=\"noopener\"><strong>Nacka kommun<\/strong><\/a><\/p>\n<p><a href=\"https:\/\/www.danderyd.se\/omsorg-och-socialt-stod\/aldre\/boende\/vard--och-omsorgsboende\/\" target=\"_blank\" rel=\"noopener\"><strong>Danderyds kommun<\/strong><\/a><\/p>\n<p><a href=\"https:\/\/www.taby.se\/omsorg-och-stod\/aldre\/ansok-om-aldreomsorg\/\" target=\"_blank\" rel=\"noopener\"><strong>T\u00e4by kommun<\/strong><\/a><\/p>\n<p>&nbsp;<\/p>\n<h4><\/h4>\n<h4><strong>Beh\u00f6ver du eller n\u00e5gon anh\u00f6rig st\u00f6d och r\u00e5d i hemmet eller nytt tryggt boende? <\/strong><\/h4>\n<p><strong>Kontakta v\u00e5r st\u00f6dlinje \u00c4ldreSupport p\u00e5 08-555 94 888 eller skicka mejl till <a href=\"mailto:aldresupport@blomsterfonden.se\">aldresupport@blomsterfonden.se<\/a><\/strong><\/p>\n<p><a href=\"https:\/\/blomsterfonden.se\/staging\/vard-omsorg\/aldreboende\/aldreboenden\/aldresupport\/\"><strong>L\u00e4s mer om \u00c4ldreSupports arbete h\u00e4r<\/strong><\/a>[\/vc_column_text][vc_separator][\/vc_column][\/vc_row][vc_row bg_type=&#8221;bg_color&#8221; bg_color_value=&#8221;#f9d9a2&#8243;][vc_column][vc_column_text]<\/p>\n<h2>Vad \u00e4r skillnaden p\u00e5 seniorboende och \u00e4ldreboende?<\/h2>\n<p>Det \u00e4r inte alltid s\u00e5 sj\u00e4lvklart att veta hur man ska g\u00e5 tillv\u00e4ga med att hitta r\u00e4tt boendeform n\u00e4r man blir \u00e4ldre. H\u00e4r f\u00f6rs\u00f6ker vi reda ut begreppen och f\u00f6rklara skillnaden mellan v\u00e5ra boendeformer seniorboende och \u00e4ldreboende.[\/vc_column_text][\/vc_column][\/vc_row][vc_row bg_type=&#8221;bg_color&#8221; bg_color_value=&#8221;#f9d9a2&#8243;][vc_column width=&#8221;1\/2&#8243;][vc_column_text]<\/p>\n<h3><strong>Seniorboende &#8211; vanligt boende anpassat f\u00f6r \u00e4ldre<\/strong><\/h3>\n<p>Blomsterfondens seniorboenden \u00e4r vanliga hyresr\u00e4tter f\u00f6r personer fr\u00e5n 60 \u00e5r och \u00e4ldre. Du kan tidigast bli erbjuden en l\u00e4genhet den dagen du fyller 60 \u00e5r. Det finns ingen \u00f6vre \u00e5ldersgr\u00e4ns.<br \/>\nP\u00e5 Blomsterfondens seniorboenden finns det v\u00e4rdinna, bov\u00e4rd och sociala aktiviteter f\u00f6r mer trygghet i vardagen. V\u00e5ra seniorboenden finns p\u00e5 <a title=\"K\u00f6rsb\u00e4rsv\u00e4gen\" href=\"https:\/\/blomsterfonden.se\/staging\/seniorboende\/seniorboenden\/korsbarsvagen\/\">K\u00f6rsb\u00e4rsv\u00e4gen (\u00d6stermalm)<\/a>, <a title=\"Liseberg (\u00c4lvsj\u00f6)\" href=\"https:\/\/blomsterfonden.se\/staging\/seniorboende\/seniorboenden\/liseberg-alvsjo\/\">Liseberg (\u00c4lvsj\u00f6)<\/a>, <a title=\"Ringv\u00e4gen\" href=\"https:\/\/blomsterfonden.se\/staging\/seniorboende\/seniorboenden\/ringvagen-sodermalm\/\">Ringv\u00e4gen (S\u00f6dermalm)<\/a>, <a title=\"R\u00f6da bergen\" href=\"https:\/\/blomsterfonden.se\/staging\/seniorboende\/seniorboenden\/roda-bergen\/\">R\u00f6da bergen (Norrmalm) <\/a>och <a title=\"Svaln\u00e4s (Djursholm)\" href=\"https:\/\/blomsterfonden.se\/staging\/seniorboende\/seniorboenden\/svalnas-djursholm\/\">Svaln\u00e4s (Danderyd)<\/a>.<\/p>\n<p>F\u00f6r att st\u00e4lla dig i k\u00f6 till seniorboende hos oss beh\u00f6ver du vara medlem i Blomsterfonden. <a href=\"http:\/\/www.blomsterfonden.se\/om-oss\/medlemskapet\/medlem\/\"><strong>Bli medlem h\u00e4r<\/strong><\/a>[\/vc_column_text][\/vc_column][vc_column width=&#8221;1\/2&#8243;][vc_column_text]<\/p>\n<h3><strong>\u00c4ldreboende &amp; hemtj\u00e4nst &#8211; kr\u00e4ver bist\u00e5ndsbeslut<\/strong><\/h3>\n<p>P\u00e5 \u00e4ldreboendet f\u00e5r man v\u00e5rd och hj\u00e4lp dygnet runt. F\u00f6r att f\u00e5 flytta in p\u00e5 \u00e4ldreboende beh\u00f6ver man alltid ha ett bist\u00e5ndsbeslut fr\u00e5n sin hemkommun. Detsamma g\u00e4ller om man beh\u00f6ver hj\u00e4lp hemma i form av hemtj\u00e4nst. Man beh\u00f6ver inte vara medlem i Blomsterfonden f\u00f6r att f\u00e5 en plats p\u00e5 n\u00e5got av v\u00e5ra \u00e4ldreboenden.<br \/>\nBlomsterfonden har i dagsl\u00e4get tre \u00e4ldreboenden, <a href=\"http:\/\/www.blomsterfonden.se\/vard-omsorg\/aldreboende\/svalnas-aldreboende\/\">Svaln\u00e4s<\/a> och <a href=\"http:\/\/www.blomsterfonden.se\/vard-omsorg\/aldreboende\/tallgardens-aldreboende\/\">Tallg\u00e5rden<\/a> i Danderyd samt <a href=\"http:\/\/www.blomsterfonden.se\/vard-omsorg\/aldreboende\/lisebergs-aldreboende\/\">Liseberg<\/a> i \u00c4lvsj\u00f6. Om man redan har ett bist\u00e5ndsbeslut fr\u00e5n sin hemkommun eller stadsdel kan man kontakta respektive \u00e4ldreboende direkt.<br \/>\n<a href=\"https:\/\/blomsterfonden.se\/staging\/vard-omsorg\/aldreboende-i-nacka\/\">Under 2024 \u00f6ppnar vi \u00e4ven ett nytt \u00e4ldreboende i Nacka, Saltsj\u00f6sten som du kan l\u00e4sa mer om h\u00e4r<\/a>[\/vc_column_text][\/vc_column][\/vc_row]<\/p>\n<\/div>","protected":false},"excerpt":{"rendered":"<p>[vc_row][vc_column][vc_column_text] S\u00e5 h\u00e4r ans\u00f6ker du om plats p\u00e5 \u00e4ldreboende F\u00f6r att f\u00e5 lov att flytta in p\u00e5 ett \u00e4ldreboende beh\u00f6ver du eller dina anh\u00f6riga ans\u00f6ka om bist\u00e5ndsbeslut hos din kommun\/stadsdel. Kommunen g\u00f6r sedan en bed\u00f6mning av bist\u00e5ndsbehovet med st\u00f6d av Socialtj\u00e4nstlagen. D\u00e4refter f\u00e5r du\/ni ett bist\u00e5ndsbeslut. V\u00e4nd dig till din hemkommun, se l\u00e4nkar nedan: Stockholms&hellip;<\/p>\n","protected":false},"author":4,"featured_media":708,"parent":1252,"menu_order":0,"comment_status":"closed","ping_status":"closed","template":"","meta":{"footnotes":""},"_links":{"self":[{"href":"https:\/\/blomsterfonden.se\/staging\/wp-json\/wp\/v2\/pages\/14994"}],"collection":[{"href":"https:\/\/blomsterfonden.se\/staging\/wp-json\/wp\/v2\/pages"}],"about":[{"href":"https:\/\/blomsterfonden.se\/staging\/wp-json\/wp\/v2\/types\/page"}],"author":[{"embeddable":true,"href":"https:\/\/blomsterfonden.se\/staging\/wp-json\/wp\/v2\/users\/4"}],"replies":[{"embeddable":true,"href":"https:\/\/blomsterfonden.se\/staging\/wp-json\/wp\/v2\/comments?post=14994"}],"version-history":[{"count":17,"href":"https:\/\/blomsterfonden.se\/staging\/wp-json\/wp\/v2\/pages\/14994\/revisions"}],"predecessor-version":[{"id":15913,"href":"https:\/\/blomsterfonden.se\/staging\/wp-json\/wp\/v2\/pages\/14994\/revisions\/15913"}],"up":[{"embeddable":true,"href":"https:\/\/blomsterfonden.se\/staging\/wp-json\/wp\/v2\/pages\/1252"}],"wp:featuredmedia":[{"embeddable":true,"href":"https:\/\/blomsterfonden.se\/staging\/wp-json\/wp\/v2\/media\/708"}],"wp:attachment":[{"href":"https:\/\/blomsterfonden.se\/staging\/wp-json\/wp\/v2\/media?parent=14994"}],"curies":[{"name":"wp","href":"https:\/\/api.w.org\/{rel}","templated":true}]}}