{"id":588,"date":"2013-11-19T08:35:21","date_gmt":"2013-11-19T07:35:21","guid":{"rendered":"http:\/\/www.blomsterfonden.se\/?page_id=588"},"modified":"2021-08-09T12:12:00","modified_gmt":"2021-08-09T10:12:00","slug":"aldrepower","status":"publish","type":"page","link":"https:\/\/blomsterfonden.se\/staging\/vard-omsorg\/aldreboende\/vart-arbetssatt\/aldrepower\/","title":{"rendered":"\u00c4ldrePower"},"content":{"rendered":"<div class=\"wpb-content-wrapper\"><p>[vc_row][vc_column][vc_column_text]<\/p>\n<h1>\u00c4ldrePower f\u00f6r starkare och friskare \u00e4ldre<\/h1>\n<p><strong>Alla tj\u00e4nar p\u00e5 att v\u00e5ra \u00e4ldre \u00e4r starka nog att leva ett bra liv, livet ut. Vinsterna \u00e4r stora, b\u00e5de i m\u00e4nskliga och ekonomiska termer. Blomsterfonden startade projektet \u00c4ldrePower f\u00f6r snart sex \u00e5r sedan tillsammans med HUR, ett\u00a0utvecklande och tillverkande f\u00f6retag inom tr\u00e4ningsmaskiner f\u00f6r \u00e4ldre, samt forskare och sjukgymnaster knutna till Jyv\u00e4skyla universitet i Finland.<br \/>\n<a href=\"http:\/\/www.blomsterfonden.se\/wp-content\/uploads\/2016\/06\/Almedalen20161.pdf\" target=\"_blank\" rel=\"noopener\">L\u00e4s mer h\u00e4r<\/a><br \/>\n<\/strong><\/p>\n<p>Idag finns tr\u00e4ningskonceptet f\u00f6r \u00e4ldre p\u00e5 alla Blomsterfondens boenden i form av specialtillverkade tr\u00e4ningsmaskiner och specialutbildade instrukt\u00f6rer. B\u00e5de hyresg\u00e4ster p\u00e5 seniorboende och boende p\u00e5 \u00e4ldreboende kan utnyttja tr\u00e4ningsm\u00f6jligheterna.<\/p>\n<h2>Se film om \u00c4ldrePower h\u00e4r<\/h2>\n<p><iframe loading=\"lazy\" src=\"https:\/\/www.youtube.com\/embed\/d2RWhwBxUMs?rel=0\" width=\"850\" height=\"500\" frameborder=\"0\" allowfullscreen=\"allowfullscreen\"><\/iframe><\/p>\n<h2>En studie om \u00e5ldrande och tr\u00e4ning<\/h2>\n<p>Studien har gjorts i syfte att h\u00f6ja \u00e4ldres h\u00e4lsa och v\u00e4lbefinnande samt att utveckla ett tr\u00e4ningskoncept som passar \u00e4ldre m\u00e4nniskor. Utg\u00e5ngspunkten har varit att de \u00e4ldre beh\u00f6ver bli starkare, dels f\u00f6r att f\u00f6rebygga fallskador och dels f\u00f6r att ha kraft att leva ett rikare, roligare och mer inneh\u00e5llsrikt liv.<\/p>\n<p>I f\u00f6rl\u00e4ngningen handlar det ocks\u00e5 om att kunna se vad som \u00e4r avg\u00f6rande f\u00f6r v\u00e5rdens utfall, kvalitet och kostnader p\u00e5 individniv\u00e5 f\u00f6r att socialekonomin inom hela verksamheten ska bli r\u00e4tt f\u00f6rdelad i slut\u00e4nden.<\/p>\n<p>Resultaten fr\u00e5n den h\u00e4r studien \u00e4r viktiga, inte enbart f\u00f6r Blomsterfondens egna boende, utan kommer s\u00e4kert ocks\u00e5 att vara viktiga inom \u00e4ldrev\u00e5rden i stort.<\/p>\n<p>I andra l\u00e4nder prioriterar man fallf\u00f6rebyggande tr\u00e4ning, liksom styrke\u00f6vningar och balansutveckling f\u00f6r seniorer p\u00e5 ett helt annat s\u00e4tt \u00e4n i Sverige. Det vill Blomsterfonden \u00e4ndra p\u00e5.<\/p>\n<h2>Tillv\u00e4gag\u00e5ngss\u00e4tt<\/h2>\n<p>F\u00f6rsta etappen har varit en f\u00f6rstudie. En speciell programvara har kopplats till tr\u00e4ningsmaskinerna f\u00f6r att g\u00f6ra dokumentationen, analysen och uppf\u00f6ljningen hundraprocentig. Studien inneh\u00e5ller ing\u00e5ende balans- och styrketester, f\u00f6re, under och efter, som st\u00e4lls i relation till f\u00f6ruts\u00e4ttningar, f\u00f6r\u00e4ndringar och m\u00e5ls\u00e4ttningar.<\/p>\n<p>Studien har ett urval som omfattar en tr\u00e4nande grupp fr\u00e5n \u00e4ldre- och omsorgsboendet likav\u00e4l som ett antal j\u00e4mf\u00f6relsepersoner som inte deltagit i tr\u00e4ningen. Ut\u00f6ver detta har en profylaxgrupp med 20 personer ing\u00e5tt i sj\u00e4lva processen medan drygt 40 seniorer tr\u00e4nat p\u00e5 egen hand.<\/p>\n<p>I studiegruppen har \u00e4ven ett antal personer med en demenssjukdom funnits med. Det som skiljer \u00c4ldrePowerstudien fr\u00e5n m\u00e5nga andra studier \u00e4r att projektet omfattar \u00e4ven personer med en demenssjukdom.<\/p>\n<p>Det \u00e4r allts\u00e5 inte bara sj\u00e4lva tr\u00e4ningsf\u00f6rfarandet som spelar en avg\u00f6rande roll utan i lika h\u00f6g grad hur man bem\u00f6ter, uppmuntrar, och leder en person med en minnessjukdom p\u00e5 ett s\u00e4tt som g\u00f6r tr\u00e4ningen effektiv p\u00e5 alla plan.<\/p>\n<h2>Resultat<\/h2>\n<p>Siffrorna och j\u00e4mf\u00f6relserna mellan den inledande m\u00e4tningen och den avslutande visar p\u00e5 stora positiva f\u00f6r\u00e4ndringar i fr\u00e5ga om balans och styrka men ocks\u00e5 p\u00e5 vinster som kommer fram vad det g\u00e4ller gemenskap, trivsel, allm\u00e4n ork och lust att aktivera sig i det sociala livet. F\u00f6rb\u00e4ttringen i den fysiska styrkan f\u00f6r helt klart med sig framsteg \u00e4ven p\u00e5 det mentala planet. Saker som innan tr\u00e4ningsperioden framst\u00e5tt som alltf\u00f6r tunga att g\u00f6ra k\u00e4nns med ens lockande och inbjudande.<\/p>\n<p>Alla i denna grupp uppvisar goda resultat och har samtidigt kunna k\u00e4nna tillfredsst\u00e4llelse av att vara med och prestera och lyckas i ett sammanhang tillsammans med andra. Det handlar mycket om att vara pedagogisk och tala med hela kroppen, s\u00e4ger AnneLie Svensson, ledare i etik och bem\u00f6tande.<\/p>\n<p>\u2013 Resultatet av v\u00e5r f\u00f6rstudie inspirerar oss verkligen till att g\u00e5 vidare med detta, ber\u00e4ttar Christel Haglund, v\u00e5rd- och omsorgschef i Blomsterfonden, och d\u00e4rf\u00f6r har vi tagit ett beslut att g\u00e5 in i fas tv\u00e5 av studien f\u00f6r att l\u00e4ra oss \u00e4nnu mer om detta, en mycket viktig del av det som beh\u00f6ver prioriteras f\u00f6r \u00e4ldre i samh\u00e4llet.<\/p>\n<p>\u00c4ldrePower finns nu \u00e4ven p\u00e5 Facebook d\u00e4r man kan g\u00e5 in och f\u00f6lja projektet vartefter som det utvecklas och g\u00e5r fram\u00e5t.<\/p>\n<p>\u2013 G\u00e5 g\u00e4rna in p\u00e5 Facebook och klicka p\u00e5 \u201cgilla\u201d. Det gillar vi, avslutar Christel.<\/p>\n<p>&nbsp;<\/p>\n<p>[\/vc_column_text][\/vc_column][\/vc_row][vc_row][vc_column width=&#8221;1\/2&#8243;][vc_column_text]<\/p>\n<h2>Fr\u00e5gor om \u00c4ldrepower?<\/h2>\n<p>Kontakta g\u00e4rna Christel Haglund, Blomsterfondens v\u00e5rd- och omsorgschef p\u00e5 telefon 08-555 94 800.[\/vc_column_text][\/vc_column][vc_column width=&#8221;1\/2&#8243;][vc_single_image image=&#8221;9060&#8243; img_size=&#8221;large&#8221;][\/vc_column][\/vc_row]<\/p>\n<\/div>","protected":false},"excerpt":{"rendered":"<p>[vc_row][vc_column][vc_column_text] \u00c4ldrePower f\u00f6r starkare och friskare \u00e4ldre Alla tj\u00e4nar p\u00e5 att v\u00e5ra \u00e4ldre \u00e4r starka nog att leva ett bra liv, livet ut. Vinsterna \u00e4r stora, b\u00e5de i m\u00e4nskliga och ekonomiska termer. Blomsterfonden startade projektet \u00c4ldrePower f\u00f6r snart sex \u00e5r sedan tillsammans med HUR, ett\u00a0utvecklande och tillverkande f\u00f6retag inom tr\u00e4ningsmaskiner f\u00f6r \u00e4ldre, samt forskare och&hellip;<\/p>\n","protected":false},"author":4,"featured_media":4760,"parent":578,"menu_order":3,"comment_status":"closed","ping_status":"closed","template":"","meta":{"footnotes":""},"_links":{"self":[{"href":"https:\/\/blomsterfonden.se\/staging\/wp-json\/wp\/v2\/pages\/588"}],"collection":[{"href":"https:\/\/blomsterfonden.se\/staging\/wp-json\/wp\/v2\/pages"}],"about":[{"href":"https:\/\/blomsterfonden.se\/staging\/wp-json\/wp\/v2\/types\/page"}],"author":[{"embeddable":true,"href":"https:\/\/blomsterfonden.se\/staging\/wp-json\/wp\/v2\/users\/4"}],"replies":[{"embeddable":true,"href":"https:\/\/blomsterfonden.se\/staging\/wp-json\/wp\/v2\/comments?post=588"}],"version-history":[{"count":33,"href":"https:\/\/blomsterfonden.se\/staging\/wp-json\/wp\/v2\/pages\/588\/revisions"}],"predecessor-version":[{"id":12657,"href":"https:\/\/blomsterfonden.se\/staging\/wp-json\/wp\/v2\/pages\/588\/revisions\/12657"}],"up":[{"embeddable":true,"href":"https:\/\/blomsterfonden.se\/staging\/wp-json\/wp\/v2\/pages\/578"}],"wp:featuredmedia":[{"embeddable":true,"href":"https:\/\/blomsterfonden.se\/staging\/wp-json\/wp\/v2\/media\/4760"}],"wp:attachment":[{"href":"https:\/\/blomsterfonden.se\/staging\/wp-json\/wp\/v2\/media?parent=588"}],"curies":[{"name":"wp","href":"https:\/\/api.w.org\/{rel}","templated":true}]}}