{"id":6750,"date":"2017-11-30T14:50:27","date_gmt":"2017-11-30T13:50:27","guid":{"rendered":"http:\/\/www.blomsterfonden.se\/?page_id=6750"},"modified":"2021-08-16T11:25:53","modified_gmt":"2021-08-16T09:25:53","slug":"inflyttning-2017-liseberg-alvsjo","status":"publish","type":"page","link":"https:\/\/blomsterfonden.se\/staging\/inflyttning-2017-liseberg-alvsjo\/","title":{"rendered":"Inflyttning 2017 &#8211; Liseberg, \u00c4lvsj\u00f6"},"content":{"rendered":"<div class=\"wpb-content-wrapper\"><p>[vc_row][vc_column][vc_column_text]<\/p>\n<h2>Nybyggnation &#8211; Liseberg, \u00c4lvsj\u00f6<\/h2>\n<p>Den 1 februari 2016 togs det f\u00f6rsta spadtaget till v\u00e5rt nybygge i Liseberg och exakt ett \u00e5r senare, den 1 februari 2017, flyttade de allra f\u00f6rsta hyresg\u00e4sterna in i hus 1. Sista huset, hus 5 flyttade hyresg\u00e4ster in i den 15 december. <span style=\"color: #800000;\"><strong>Alla l\u00e4genheterna \u00e4r uthyrda.<\/strong><\/span><\/p>\n<p>Blomsterfondens nybyggnation omfattar 137 hyresl\u00e4genheter med seniorbost\u00e4der i Blomsterfondens trygghetskoncept f\u00f6r \u00e4ldre. L\u00e4genheterna ligger i n\u00e4ra anslutning till Blomsterfondens befintliga anl\u00e4ggning Liseberg p\u00e5 Annebodav\u00e4gen i \u00c4lvsj\u00f6. Projektet \u00e4r en viktig del i Blomsterfondens och Stockholms stads l\u00e5ngsiktiga satsning p\u00e5 att bygga fler bost\u00e4der f\u00f6r \u00e4ldre.<\/p>\n<h3><strong>\u00d6versikt &#8211; antal l\u00e4genheter<br \/>\n<\/strong><\/h3>\n<table cellpadding=\"3\">\n<tbody>\n<tr>\n<td><strong>Hus<br \/>\n<\/strong><\/td>\n<td><strong>Inflyttning<br \/>\n<\/strong><\/td>\n<td style=\"text-align: left;\"><strong>Publicerat p\u00e5<\/strong><br \/>\n<strong>SeniorboTorget<\/strong><\/td>\n<td><strong>Antal<br \/>\n<\/strong><\/td>\n<td><strong>3 rok<br \/>\n<\/strong><\/td>\n<td><strong>2 rok<br \/>\n<\/strong><\/td>\n<td><strong>1 rok<br \/>\n<\/strong><\/td>\n<\/tr>\n<tr>\n<td><span style=\"color: #000000;\">1<\/span><\/td>\n<td><span style=\"color: #000000;\">2017-02-01<\/span><\/td>\n<td><span style=\"color: #000000;\"> 19 sep 2016<\/span><\/td>\n<td><span style=\"color: #000000;\">23<\/span><\/td>\n<td><span style=\"color: #000000;\">2<\/span><\/td>\n<td><span style=\"color: #000000;\"> 17<\/span><\/td>\n<td><span style=\"color: #000000;\">4<\/span><\/td>\n<\/tr>\n<tr>\n<td><span style=\"color: #000000;\"> 2<\/span><\/td>\n<td><span style=\"color: #000000;\"> 2017-03-01<\/span><\/td>\n<td><span style=\"color: #000000;\"> 24 okt 2016<\/span><\/td>\n<td><span style=\"color: #000000;\"> 22<\/span><\/td>\n<td><span style=\"color: #000000;\"> 2<\/span><\/td>\n<td><span style=\"color: #000000;\"> 16<\/span><\/td>\n<td><span style=\"color: #000000;\"> 4<\/span><\/td>\n<\/tr>\n<tr>\n<td><span style=\"color: #000000;\">3<\/span><\/td>\n<td><span style=\"color: #000000;\">2017-09-01<\/span><\/td>\n<td><span style=\"color: #000000;\">03 apr 2017<\/span><\/td>\n<td><span style=\"color: #000000;\">26<\/span><\/td>\n<td><span style=\"color: #000000;\">2<\/span><\/td>\n<td><span style=\"color: #000000;\">24<\/span><\/td>\n<td><span style=\"color: #000000;\">0<\/span><\/td>\n<\/tr>\n<tr>\n<td><span style=\"color: #000000;\">4<\/span><\/td>\n<td><span style=\"color: #000000;\"> 2017-11-01<\/span><\/td>\n<td><span style=\"color: #000000;\"> 8 maj 2017<\/span><\/td>\n<td><span style=\"color: #000000;\"> 40<\/span><\/td>\n<td><span style=\"color: #000000;\"> 0<\/span><\/td>\n<td><span style=\"color: #000000;\"> 32<\/span><\/td>\n<td><span style=\"color: #000000;\"> 8<\/span><\/td>\n<\/tr>\n<tr>\n<td><span style=\"color: #000000;\"> 5<\/span><\/td>\n<td><span style=\"color: #000000;\"> 2017-12-15<\/span><\/td>\n<td><span style=\"color: #000000;\"> 7 aug 2017<\/span><\/td>\n<td><span style=\"color: #000000;\"> 26<\/span><\/td>\n<td><span style=\"color: #000000;\"> 2<\/span><\/td>\n<td><span style=\"color: #000000;\"> 24<\/span><\/td>\n<td><span style=\"color: #000000;\"> 0 <\/span><\/td>\n<\/tr>\n<\/tbody>\n<\/table>\n<h3><strong>F\u00f6lj med p\u00e5 en l\u00e4genhetsvisning- 2 rok 59 kvm<br \/>\n<\/strong><\/h3>\n<p><iframe loading=\"lazy\" src=\"https:\/\/www.youtube.com\/embed\/eic9pkvGlHM?rel=0\" width=\"550\" height=\"315\" frameborder=\"0\" allowfullscreen=\"allowfullscreen\"><\/iframe><\/p>\n<h3><strong>F\u00f6lj med p\u00e5 en l\u00e4genhetsvisning- 2 rok 58 kvm<br \/>\n<\/strong><\/h3>\n<p><iframe loading=\"lazy\" src=\"https:\/\/www.youtube.com\/embed\/cRtafJK3CFQ\" width=\"560\" height=\"315\" frameborder=\"0\" allowfullscreen=\"allowfullscreen\"><\/iframe><\/p>\n<h3><strong>F\u00f6lj med p\u00e5 en l\u00e4genhetsvisning- 1 rok 39 kvm<br \/>\n<\/strong><\/h3>\n<p><iframe loading=\"lazy\" src=\"https:\/\/www.youtube.com\/embed\/Qc8u4UaczBI\" width=\"560\" height=\"315\" frameborder=\"0\" allowfullscreen=\"allowfullscreen\"><\/iframe><\/p>\n<h3><strong>Material till nyproduktionen<br \/>\n<\/strong><\/h3>\n<p><a href=\"http:\/\/www.blomsterfonden.se\/wp-content\/uploads\/2017\/02\/Ny-Broshyr.pdf\" target=\"_blank\" rel=\"noopener\">Informationsbroschyr<\/a><\/p>\n<p><a href=\"http:\/\/www.blomsterfonden.se\/wp-content\/uploads\/2016\/09\/Projektbeskrivning-Liseberg.pdf\" target=\"_blank\" rel=\"noopener\">Projektbeskrivning<\/a><\/p>\n<p><a href=\"http:\/\/www.blomsterfonden.se\/wp-content\/uploads\/2017\/02\/Materialbeskrivning-utrymmen.pdf\" target=\"_blank\" rel=\"noopener\">Materialbeskrivning<\/a><\/p>\n<p><a href=\"http:\/\/www.blomsterfonden.se\/wp-content\/uploads\/2016\/02\/Samlingsdokument_planritningar.pdf\" target=\"_blank\" rel=\"noopener\">Planl\u00f6sningar<\/a><\/p>\n<p><a href=\"http:\/\/www.blomsterfonden.se\/wp-content\/uploads\/2016\/12\/alla-spegelvanda.pdf\" target=\"_blank\" rel=\"noopener\">Planl\u00f6sningar spegelv\u00e4nda (SPV)<\/a><\/p>\n<h4><\/h4>\n<p>&nbsp;<\/p>\n<p>Ans\u00f6kan om bostadstill\u00e4gg: <a href=\"https:\/\/www.pensionsmyndigheten.se\/for-pensionarer\/ekonomiskt-stod\/ansok-om-bostadstillagg\" target=\"_blank\" rel=\"noopener\">Pensionsmyndigheten<\/a><\/p>\n<p>F\u00f6r pressinformation bes\u00f6k v\u00e5rt nyhetsrum p\u00e5 <a href=\"http:\/\/www.mynewsdesk.com\/se\/blomsterfonden\" target=\"_blank\" rel=\"noopener\">Mynewsdesk h\u00e4r<\/a>[\/vc_column_text][\/vc_column][\/vc_row][vc_row][vc_column][vc_column_text]<\/p>\n<h3>Kvarteret Julpsalmen\/Julv\u00f6rten &#8211; nya l\u00e4genheter<\/h3>\n<p>[\/vc_column_text][vc_media_grid grid_id=&#8221;vc_gid:1629103510678-2b9b10f0-f488-9&#8243; include=&#8221;4206,4204,4203,5558,5560,5561,5562,5589,5594,6512,6513,6514,6516,6517,6518,6519,6520,6935,6934,6938&#8243;][\/vc_column][\/vc_row][vc_row][vc_column][vc_column_text]<\/p>\n<h3>Bilder fr\u00e5n utvecklingen av bygget<\/h3>\n<p>[\/vc_column_text][vc_media_grid grid_id=&#8221;vc_gid:1629104330790-7c023a1d-a2e6-4&#8243; include=&#8221;4210,4267,4268,4269,4270,4369,4453,4693,4694,4695,5562&#8243;][\/vc_column][\/vc_row]<\/p>\n<\/div>","protected":false},"excerpt":{"rendered":"<p>[vc_row][vc_column][vc_column_text] Nybyggnation &#8211; Liseberg, \u00c4lvsj\u00f6 Den 1 februari 2016 togs det f\u00f6rsta spadtaget till v\u00e5rt nybygge i Liseberg och exakt ett \u00e5r senare, den 1 februari 2017, flyttade de allra f\u00f6rsta hyresg\u00e4sterna in i hus 1. Sista huset, hus 5 flyttade hyresg\u00e4ster in i den 15 december. Alla l\u00e4genheterna \u00e4r uthyrda. Blomsterfondens nybyggnation omfattar 137&hellip;<\/p>\n","protected":false},"author":4,"featured_media":6161,"parent":0,"menu_order":0,"comment_status":"closed","ping_status":"closed","template":"","meta":{"footnotes":""},"_links":{"self":[{"href":"https:\/\/blomsterfonden.se\/staging\/wp-json\/wp\/v2\/pages\/6750"}],"collection":[{"href":"https:\/\/blomsterfonden.se\/staging\/wp-json\/wp\/v2\/pages"}],"about":[{"href":"https:\/\/blomsterfonden.se\/staging\/wp-json\/wp\/v2\/types\/page"}],"author":[{"embeddable":true,"href":"https:\/\/blomsterfonden.se\/staging\/wp-json\/wp\/v2\/users\/4"}],"replies":[{"embeddable":true,"href":"https:\/\/blomsterfonden.se\/staging\/wp-json\/wp\/v2\/comments?post=6750"}],"version-history":[{"count":15,"href":"https:\/\/blomsterfonden.se\/staging\/wp-json\/wp\/v2\/pages\/6750\/revisions"}],"predecessor-version":[{"id":14812,"href":"https:\/\/blomsterfonden.se\/staging\/wp-json\/wp\/v2\/pages\/6750\/revisions\/14812"}],"wp:featuredmedia":[{"embeddable":true,"href":"https:\/\/blomsterfonden.se\/staging\/wp-json\/wp\/v2\/media\/6161"}],"wp:attachment":[{"href":"https:\/\/blomsterfonden.se\/staging\/wp-json\/wp\/v2\/media?parent=6750"}],"curies":[{"name":"wp","href":"https:\/\/api.w.org\/{rel}","templated":true}]}}