{"id":8911,"date":"2018-11-01T13:04:34","date_gmt":"2018-11-01T12:04:34","guid":{"rendered":"http:\/\/www.blomsterfonden.se\/?page_id=8911"},"modified":"2023-11-27T11:47:30","modified_gmt":"2023-11-27T10:47:30","slug":"aldresupport","status":"publish","type":"page","link":"https:\/\/blomsterfonden.se\/staging\/vard-omsorg\/aldreboende\/aldreboenden\/aldresupport\/","title":{"rendered":"\u00c4ldreSupport"},"content":{"rendered":"<div class=\"wpb-content-wrapper\"><p>[vc_row][vc_column][vc_custom_heading text=&#8221;\u00c4ldreSupport &#8211; Blomsterfondens st\u00f6dlinje i \u00e4ldrefr\u00e5gor&#8221; use_theme_fonts=&#8221;yes&#8221;][\/vc_column][\/vc_row][vc_row][vc_column width=&#8221;1\/2&#8243;][vc_single_image image=&#8221;15581&#8243; img_size=&#8221;large&#8221;][vc_column_text]<\/p>\n<h2>Beh\u00f6ver du st\u00f6d och r\u00e5d i hemmet eller nytt tryggt boende?<\/h2>\n<p>Vi ger dig v\u00e4gledning och st\u00f6d.<\/p>\n<p>Kontakta oss p\u00e5 08-555 94 888 eller <a href=\"mailto:aldresupport@blomsterfonden.se\">aldresupport@blomsterfonden.se<\/a>[\/vc_column_text][\/vc_column][vc_column width=&#8221;1\/2&#8243;][vc_column_text]<\/p>\n<blockquote>\n<h2><em>&#8221;-Ett av de viktigaste samtalen i mitt liv&#8221;<\/em><\/h2>\n<p>Per-Olof, 76<\/p><\/blockquote>\n<p>[\/vc_column_text][vc_column_text]<\/p>\n<h3><strong>Jan 58 \u00e5r, med en demenssjuk pappa:<\/strong><\/h3>\n<p><em>&#8221;\u2013 En god v\u00e4n, som \u00e4r medlem i Blomsterfonden, tipsade om\u00c4ldreSupport. Jag hade stor beh\u00e5llning av att f\u00e5 prata om pappas demenssjukdom och fick svar p\u00e5 m\u00e5nga av mina fr\u00e5gor. Det lugnade min oro inf\u00f6r framtiden. Annelie som jag talade med hade verkligen kunskaper att f\u00f6rst\u00e5 mina upplevelser, hon gav mig st\u00f6d och verktyg f\u00f6r att hantera situationen. Nu \u00e4r \u00e4ven jag medlem.&#8221;<\/em>[\/vc_column_text][vc_column_text]<\/p>\n<h3>Birgitta 85 \u00e5r, medlem i Blomsterfonden:<\/h3>\n<p><em>&#8221;\u2013 Jag k\u00e4nde att jag blev mer och mer ledsen, att jag inte hade n\u00e5gon att prata med. N\u00e4stan alla mina v\u00e4nner har g\u00e5tt bort under de senaste tv\u00e5 \u00e5ren. Jag kom p\u00e5 att jag l\u00e4st i Almatidningen om \u00c4ldreSupport. Det var sk\u00f6nt att f\u00e5 tala med n\u00e5gon som kunde ge mig tr\u00f6st och v\u00e4gledning i de h\u00e4r sv\u00e5ra fr\u00e5gorna om ensamhet. Ett varmt tack till er.&#8221;<\/em>[\/vc_column_text][\/vc_column][\/vc_row]<\/p>\n<\/div>","protected":false},"excerpt":{"rendered":"<p>[vc_row][vc_column][vc_custom_heading text=&#8221;\u00c4ldreSupport &#8211; Blomsterfondens st\u00f6dlinje i \u00e4ldrefr\u00e5gor&#8221; use_theme_fonts=&#8221;yes&#8221;][\/vc_column][\/vc_row][vc_row][vc_column width=&#8221;1\/2&#8243;][vc_single_image image=&#8221;15581&#8243; img_size=&#8221;large&#8221;][vc_column_text] Beh\u00f6ver du st\u00f6d och r\u00e5d i hemmet eller nytt tryggt boende? Vi ger dig v\u00e4gledning och st\u00f6d. Kontakta oss p\u00e5 08-555 94 888 eller aldresupport@blomsterfonden.se[\/vc_column_text][\/vc_column][vc_column width=&#8221;1\/2&#8243;][vc_column_text] &#8221;-Ett av de viktigaste samtalen i mitt liv&#8221; Per-Olof, 76 [\/vc_column_text][vc_column_text] Jan 58 \u00e5r, med en demenssjuk pappa:&hellip;<\/p>\n","protected":false},"author":4,"featured_media":0,"parent":1337,"menu_order":7,"comment_status":"closed","ping_status":"closed","template":"","meta":{"footnotes":""},"_links":{"self":[{"href":"https:\/\/blomsterfonden.se\/staging\/wp-json\/wp\/v2\/pages\/8911"}],"collection":[{"href":"https:\/\/blomsterfonden.se\/staging\/wp-json\/wp\/v2\/pages"}],"about":[{"href":"https:\/\/blomsterfonden.se\/staging\/wp-json\/wp\/v2\/types\/page"}],"author":[{"embeddable":true,"href":"https:\/\/blomsterfonden.se\/staging\/wp-json\/wp\/v2\/users\/4"}],"replies":[{"embeddable":true,"href":"https:\/\/blomsterfonden.se\/staging\/wp-json\/wp\/v2\/comments?post=8911"}],"version-history":[{"count":11,"href":"https:\/\/blomsterfonden.se\/staging\/wp-json\/wp\/v2\/pages\/8911\/revisions"}],"predecessor-version":[{"id":15586,"href":"https:\/\/blomsterfonden.se\/staging\/wp-json\/wp\/v2\/pages\/8911\/revisions\/15586"}],"up":[{"embeddable":true,"href":"https:\/\/blomsterfonden.se\/staging\/wp-json\/wp\/v2\/pages\/1337"}],"wp:attachment":[{"href":"https:\/\/blomsterfonden.se\/staging\/wp-json\/wp\/v2\/media?parent=8911"}],"curies":[{"name":"wp","href":"https:\/\/api.w.org\/{rel}","templated":true}]}}